{"id":11365,"date":"2022-04-15T11:58:09","date_gmt":"2022-04-15T09:58:09","guid":{"rendered":"https:\/\/www.edenbretignolles.com\/unsere-guten-adressen-in-bretignolles-sur-mer"},"modified":"2022-04-20T15:34:33","modified_gmt":"2022-04-20T13:34:33","slug":"unsere-guten-adressen-in-bretignolles-sur-mer","status":"publish","type":"page","link":"https:\/\/www.edenbretignolles.com\/de\/unsere-guten-adressen-in-bretignolles-sur-mer\/","title":{"rendered":"Unsere guten Adressen in Br\u00e9tignolles sur Mer"},"content":{"rendered":"\n<h2 class=\"wp-block-heading\" id=\"les-marches\">Die M\u00e4rkte<\/h2>\n\n<div class=\"wp-block-columns is-layout-flex wp-container-core-columns-is-layout-9d6595d7 wp-block-columns-is-layout-flex\">\n<div class=\"wp-block-column is-layout-flow wp-block-column-is-layout-flow\">\n<p><strong>Le March\u00e9 im Stadtzentrum<\/strong> (500 m vom Campingplatz entfernt) :<br\/>Jeden Donnerstag- und Sonntagmorgen (ganzj\u00e4hrig) von 7:30 bis 13:00 Uhr,<br\/>Place des Halles: Lebensmittelmarkt, lokale Produkte, Kleidung, Schmuck&#8230;<\/p>\n<\/div>\n\n\n\n<div class=\"wp-block-column is-layout-flow wp-block-column-is-layout-flow\">\n<p><strong>Les Halles<\/strong> (oder Markthalle) sind ge\u00f6ffnet:<br\/>April bis September: Dienstag bis Sonntag von 8.30 bis 12.30 Uhr ge\u00f6ffnet<br\/>t\u00e4glich im Juli und August von 8:30 bis 12:30 Uhr<br\/>Ab Oktober: donnerstags, samstags und sonntags von 8:30 bis 12:30 Uhr<\/p>\n<\/div>\n<\/div>\n\n<div class=\"wp-block-columns is-layout-flex wp-container-core-columns-is-layout-9d6595d7 wp-block-columns-is-layout-flex\">\n<div class=\"wp-block-column m-auto is-layout-flow wp-block-column-is-layout-flow\" style=\"flex-basis:40%\">\n<p><strong>Le March\u00e9 de la Par\u00e9e<\/strong> (900 m vom Campingplatz entfernt) :<br\/>Jeden Montagmorgen im Juli und August (Lebensmittelmarkt)<\/p>\n<\/div>\n<\/div>\n\n<h2 class=\"wp-block-heading\" id=\"les-restaurants-et-les-bars\">Restaurants und Bars<\/h2>\n\n<p>In Br\u00e9tignolles sur Mer gibt es zahlreiche Bars und Restaurants, die sich in unmittelbarer N\u00e4he des Campingplatzes befinden:  <\/p>\n\n<div class=\"wp-block-columns is-layout-flex wp-container-core-columns-is-layout-9d6595d7 wp-block-columns-is-layout-flex\">\n<div class=\"wp-block-column border border-success card pt-4 is-layout-flow wp-block-column-is-layout-flow\">\n<p class=\"has-text-align-center\"><strong>RESTAURANT LA GUILLONNIERE<\/strong> <br\/>(220 m vom Campingplatz entfernt)<br\/>15 bis rue des Ridelles<br\/>85470 BRETIGNOLLES SUR MER<br\/>Tel: 02 51 33 80 30<\/p>\n<\/div>\n\n\n\n<div class=\"wp-block-column border border-success card pt-4 is-layout-flow wp-block-column-is-layout-flow\">\n<p class=\"has-text-align-center\"><strong>BAR RESTAURANT LE SURF <br\/><\/strong>(305 m vom Campingplatz entfernt)<br\/>3 avenue de la Plage<br\/>85470 BRETIGNOLLES SUR MER<br\/>Tel: 02 51 90 04 33<\/p>\n<\/div>\n\n\n\n<div class=\"wp-block-column border border-success card pt-4 is-layout-flow wp-block-column-is-layout-flow\">\n<p class=\"has-text-align-center\"><strong>BAR TABAC PRESSE LE CALUMET<br\/><\/strong>(305 m vom Campingplatz entfernt)<br\/>8 ter avenue de la Plage<br\/>85470 BRETIGNOLLE SUR MER<br\/>Tel: 02 51 90 15 85<\/p>\n<\/div>\n\n\n\n<div class=\"wp-block-column border border-success card pt-4 is-layout-flow wp-block-column-is-layout-flow\">\n<p class=\"has-text-align-center\"><strong>CREPERIE MILLE SABORDS <br\/><\/strong>(650 m vom Campingplatz entfernt)<br\/>10 rue de B\u00e9thanie<br\/>85470 BRETIGNOLLE SUR MER<br\/>Tel: 02 51 22 48 40<\/p>\n<\/div>\n<\/div>\n\t\t\t<div id=\"sevgallery-513413519\" class=\"sev-diaporama sev-diaporama-portfolio\">\r\n\t\t\t<div class=\"row\">\r\n\r\n\t\t\t\r\n\t\t\t\t\r\n\t\t\t\t<div class=\"sev-diaporama-portfolio-item col-12 col-sm  col-shrink\">\r\n\t\t\t\t\t<a href=\"https:\/\/www.edenbretignolles.com\/wp-content\/uploads\/2022\/02\/Onglet-Camping-Les-Marches-5.jpg\" data-lightbox=\"sevgallery-513413519\" style=\"background-image: url(https:\/\/www.edenbretignolles.com\/wp-content\/uploads\/2022\/02\/Onglet-Camping-Les-Marches-5.jpg)\">\r\n\t\t\t\t\t\t<img decoding=\"async\" src=\"https:\/\/www.edenbretignolles.com\/wp-content\/uploads\/2022\/02\/Onglet-Camping-Les-Marches-5.jpg\" alt=\"\" loading=\"lazy\">\r\n\t\t\t\t\t<\/a>\r\n\t\t\t\t<\/div>\r\n\r\n\t\t\t\t\r\n\t\t\t\t\t\t\t\t\t\t\t\r\n\t\t\t\t\r\n\t\t\t\t<div class=\"sev-diaporama-portfolio-item col-12 col-sm  col-grow\">\r\n\t\t\t\t\t<a href=\"https:\/\/www.edenbretignolles.com\/wp-content\/uploads\/2022\/02\/LES-MARCHES-CREDIT-PHOTO-BENOIT-GENDRON.jpg\" data-lightbox=\"sevgallery-513413519\" style=\"background-image: url(https:\/\/www.edenbretignolles.com\/wp-content\/uploads\/2022\/02\/LES-MARCHES-CREDIT-PHOTO-BENOIT-GENDRON.jpg)\">\r\n\t\t\t\t\t\t<img decoding=\"async\" src=\"https:\/\/www.edenbretignolles.com\/wp-content\/uploads\/2022\/02\/LES-MARCHES-CREDIT-PHOTO-BENOIT-GENDRON.jpg\" alt=\"\" loading=\"lazy\">\r\n\t\t\t\t\t<\/a>\r\n\t\t\t\t<\/div>\r\n\r\n\t\t\t\t\r\n\t\t\t\t\t\t\t\t\t\t\t\r\n\t\t\t\t\r\n\t\t\t\t<div class=\"sev-diaporama-portfolio-item col-12 col-sm \">\r\n\t\t\t\t\t<a href=\"https:\/\/www.edenbretignolles.com\/wp-content\/uploads\/2022\/02\/Onglet-Camping-Les-Marches-4.jpg\" data-lightbox=\"sevgallery-513413519\" style=\"background-image: url(https:\/\/www.edenbretignolles.com\/wp-content\/uploads\/2022\/02\/Onglet-Camping-Les-Marches-4.jpg)\">\r\n\t\t\t\t\t\t<img decoding=\"async\" src=\"https:\/\/www.edenbretignolles.com\/wp-content\/uploads\/2022\/02\/Onglet-Camping-Les-Marches-4.jpg\" alt=\"\" loading=\"lazy\">\r\n\t\t\t\t\t<\/a>\r\n\t\t\t\t<\/div>\r\n\r\n\t\t\t\t\t\t\t\t\t<div class=\"w-100\"><\/div>\r\n\t\t\t\t\t\t\t\t\t\r\n\t\t\t\t\t\t\t\t\t\t\t\r\n\t\t\t\t\r\n\t\t\t\t<div class=\"sev-diaporama-portfolio-item col-12 col-sm  col-shrink\">\r\n\t\t\t\t\t<a href=\"https:\/\/www.edenbretignolles.com\/wp-content\/uploads\/2022\/02\/Onglet-Camping-Les-Marches-2.jpg\" data-lightbox=\"sevgallery-513413519\" style=\"background-image: url(https:\/\/www.edenbretignolles.com\/wp-content\/uploads\/2022\/02\/Onglet-Camping-Les-Marches-2.jpg)\">\r\n\t\t\t\t\t\t<img decoding=\"async\" src=\"https:\/\/www.edenbretignolles.com\/wp-content\/uploads\/2022\/02\/Onglet-Camping-Les-Marches-2.jpg\" alt=\"\" loading=\"lazy\">\r\n\t\t\t\t\t<\/a>\r\n\t\t\t\t<\/div>\r\n\r\n\t\t\t\t\r\n\t\t\t\t\t\t\t\t\t\t\t\r\n\t\t\t\t\r\n\t\t\t\t<div class=\"sev-diaporama-portfolio-item col-12 col-sm \">\r\n\t\t\t\t\t<a href=\"https:\/\/www.edenbretignolles.com\/wp-content\/uploads\/2022\/02\/Onglet-Camping-Les-Marches.jpg\" data-lightbox=\"sevgallery-513413519\" style=\"background-image: url(https:\/\/www.edenbretignolles.com\/wp-content\/uploads\/2022\/02\/Onglet-Camping-Les-Marches.jpg)\">\r\n\t\t\t\t\t\t<img decoding=\"async\" src=\"https:\/\/www.edenbretignolles.com\/wp-content\/uploads\/2022\/02\/Onglet-Camping-Les-Marches.jpg\" alt=\"\" loading=\"lazy\">\r\n\t\t\t\t\t<\/a>\r\n\t\t\t\t<\/div>\r\n\r\n\t\t\t\t\r\n\t\t\t\t\t\t\t\t\t\t\t\r\n\t\t\t\t\r\n\t\t\t\t<div class=\"sev-diaporama-portfolio-item col-12 col-sm \">\r\n\t\t\t\t\t<a href=\"https:\/\/www.edenbretignolles.com\/wp-content\/uploads\/2022\/02\/Onglet-Camping-Les-Marches-3.jpg\" data-lightbox=\"sevgallery-513413519\" style=\"background-image: url(https:\/\/www.edenbretignolles.com\/wp-content\/uploads\/2022\/02\/Onglet-Camping-Les-Marches-3.jpg)\">\r\n\t\t\t\t\t\t<img decoding=\"async\" src=\"https:\/\/www.edenbretignolles.com\/wp-content\/uploads\/2022\/02\/Onglet-Camping-Les-Marches-3.jpg\" alt=\"\" loading=\"lazy\">\r\n\t\t\t\t\t<\/a>\r\n\t\t\t\t<\/div>\r\n\r\n\t\t\t\t\t\t\t\t\t<div class=\"w-100\"><\/div>\r\n\t\t\t\t\t\t\t\t\t\r\n\t\t\t\t\t\t\t\t\t\t\t\t\t\t<\/div>\r\n\t\t\t<\/div>\r\n\r\n\t\t\t<script>\r\n\t\t\tjQuery(function($) {\r\n\r\n\t\t\t\tvar marginPortfolio = function() {\r\n\r\n\t\t\t\t\tvar $diapo          = $('#sevgallery-513413519');\r\n\t\t\t\t\tvar container_width = $diapo.parent().outerWidth();\r\n\t\t\t\t\tvar side            = ( $(window).innerWidth() - container_width ) \/ 2;\r\n\r\n\t\t\t\t\t$diapo.css( {\r\n\t\t\t\t\t\t'margin-left': '-' + side + 'px',\r\n\t\t\t\t\t\t'margin-right': '-' + side + 'px',\r\n\t\t\t\t\t} );\r\n\t\t\t\t};\r\n\r\n\t\t\t\t$( window ).resize( function() {\r\n\t\t\t\t\tmarginPortfolio();\r\n\t\t\t\t} );\r\n\t\t\t\tmarginPortfolio();\r\n\t\t\t});\r\n\t\t\t<\/script>\r\n\t\t\t\n","protected":false},"excerpt":{"rendered":"<p>Die M\u00e4rkte Le March\u00e9 im Stadtzentrum (500 m vom Campingplatz entfernt) :Jeden Donnerstag- und Sonntagmorgen (ganzj\u00e4hrig) von 7:30 bis 13:00 Uhr,Place des Halles: Lebensmittelmarkt, lokale Produkte, Kleidung, Schmuck&#8230; Les Halles (oder Markthalle) sind ge\u00f6ffnet:April bis September: Dienstag bis Sonntag von 8.30 bis 12.30 Uhr ge\u00f6ffnett\u00e4glich im Juli und August von 8:30 bis 12:30 UhrAb Oktober: [&hellip;]<\/p>\n","protected":false},"author":1,"featured_media":0,"parent":0,"menu_order":7,"comment_status":"open","ping_status":"closed","template":"","meta":{"_seopress_robots_primary_cat":"","_seopress_titles_title":"Campingplatz mit Restaurant in der N\u00e4he vend\u00e9e br\u00e9tignolles","_seopress_titles_desc":"Genie\u00dfen Sie Ihren Campingurlaub im l'eden in br\u00e9tignolles mit einem Restaurant 200 m vom Campingplatz entfernt, wo Sie zu Mittag, zu Abend oder zu Abend essen k\u00f6nnen.","_seopress_robots_index":"","footnotes":""},"class_list":["post-11365","page","type-page","status-publish","hentry"],"_links":{"self":[{"href":"https:\/\/www.edenbretignolles.com\/de\/wp-json\/wp\/v2\/pages\/11365","targetHints":{"allow":["GET"]}}],"collection":[{"href":"https:\/\/www.edenbretignolles.com\/de\/wp-json\/wp\/v2\/pages"}],"about":[{"href":"https:\/\/www.edenbretignolles.com\/de\/wp-json\/wp\/v2\/types\/page"}],"author":[{"embeddable":true,"href":"https:\/\/www.edenbretignolles.com\/de\/wp-json\/wp\/v2\/users\/1"}],"replies":[{"embeddable":true,"href":"https:\/\/www.edenbretignolles.com\/de\/wp-json\/wp\/v2\/comments?post=11365"}],"version-history":[{"count":1,"href":"https:\/\/www.edenbretignolles.com\/de\/wp-json\/wp\/v2\/pages\/11365\/revisions"}],"predecessor-version":[{"id":11369,"href":"https:\/\/www.edenbretignolles.com\/de\/wp-json\/wp\/v2\/pages\/11365\/revisions\/11369"}],"wp:attachment":[{"href":"https:\/\/www.edenbretignolles.com\/de\/wp-json\/wp\/v2\/media?parent=11365"}],"curies":[{"name":"wp","href":"https:\/\/api.w.org\/{rel}","templated":true}]}}