{"id":11387,"date":"2022-04-15T11:58:14","date_gmt":"2022-04-15T09:58:14","guid":{"rendered":"https:\/\/www.edenbretignolles.com\/die-vermietungen"},"modified":"2022-04-20T15:36:00","modified_gmt":"2022-04-20T13:36:00","slug":"die-vermietungen","status":"publish","type":"page","link":"https:\/\/www.edenbretignolles.com\/de\/die-vermietungen\/","title":{"rendered":"Die Vermietungen"},"content":{"rendered":"\n<p class=\"has-text-align-center\">Der Campingplatz EDEN in Br\u00e9tignolles sur Mer in der Vend\u00e9e bietet Ihnen Mietunterk\u00fcnfte mit allem Komfort!  <\/p>\n<h2 id='sev-1'> locations 1 chambre<\/h2>\r\n<article class=\"multiple-item clearfix\">\r\n<a href=\"https:\/\/www.edenbretignolles.com\/de\/hebergement\/chalet-mobile-confort-1-chambre\/\">\r\n<div class=\"row\">\r\n\t\r\n\t<div class=\"col-sm-4 multiple-item-photo\">\r\n\t\t<img decoding=\"async\" src=\"https:\/\/www.edenbretignolles.com\/wp-content\/uploads\/2025\/12\/Chalte-mobile-confort-1-chambre-modif-1024x766.jpg\" alt=\"Chalet Mobile Confort 1 chambre\">\r\n\t<\/div>\r\n\r\n\t<div class=\"col-sm-8 multiple-item-desc d-flex flex-column\">\r\n\t\t<div class=\"multiple-item-titre\">Chalet Mobile Confort 1 chambre<\/div>\r\n\r\n\t\t<div class=\"multiple-item--description\"><p>On aime : L\u2019espace parfaitement optimis\u00e9 pour 2 \u00e0 un prix tr\u00e8s doux Age h\u00e9bergement : Neuf Superficie : 20,20 m2 (terrasse non incluse) Terrasse couverte : 9m\u00b2 Couchage : 1 chambre avec 1 lit de 140&#215;190 couette, oreillers, prot\u00e8ge-matelas fournis Pi\u00e8ce de vie : 1 cuisine toute \u00e9quip\u00e9e \/ table repas 1 r\u00e9frig\u00e9rateur-cong\u00e9lateur 1 [&hellip;]<\/p>\n<\/div>\r\n\t\t\r\n\t\t<div class=\"d-flex flex-row multiple-item-desc-items\">\r\n\t\t\t\t\t\t\t\t\t\t\t<div class=\"multiple-item--nbchambres multiple-item-desc-item\">\r\n\t\t\t\t\t<span class=\"val\">1<\/span>&nbsp;\r\n\t\t\t\t\t<span class=\"lbl\">Zimmer<\/span>\r\n\t\t\t\t<\/div>\r\n\t\t\t\r\n\t\t\t\t\t\t\t\t\t\t\t<div class=\"multiple-item-nbpersonnes multiple-item-desc-item\">\r\n\t\t\t\t\t<span class=\"val\">1\/2<\/span>&nbsp;\r\n\t\t\t\t\t<span class=\"lbl\">Personen<\/span>\r\n\t\t\t\t<\/div>\r\n\t\t\t\r\n\t\t\t\t\t\t<div class=\"multiple-item-surface multiple-item-desc-item\">\r\n\t\t\t\t<span class=\"lbl\">Fl\u00e4che&nbsp;:<\/span>&nbsp;\r\n\t\t\t\t<span class=\"val\">20,20&nbsp;m\u00b2<\/span>\r\n\t\t\t<\/div>\r\n\t\t\t\t\t<\/div>\r\n\r\n\t\t<div class=\"content-plus text-right d-flex flex-column justify-content-end align-items-end\">\r\n\t\t\t<btn class=\"plus\">\r\n\t\t\t\tMehr dazu +\t\t\t<\/btn>\r\n\t\t<\/div>\r\n\t<\/div>\r\n\r\n<\/div>\r\n<\/a>\r\n<\/article>\r\n\r\n<hr><h2 id='sev-2'> locations 2 chambres<\/h2>\r\n<article class=\"multiple-item clearfix\">\r\n<a href=\"https:\/\/www.edenbretignolles.com\/de\/hebergement\/chalet-mobile-confort-2-zimmer\/\">\r\n<div class=\"row\">\r\n\t\r\n\t<div class=\"col-sm-4 multiple-item-photo\">\r\n\t\t<img decoding=\"async\" src=\"https:\/\/www.edenbretignolles.com\/wp-content\/uploads\/2025\/11\/Chalet-Mobile-Confort-2ch_Exterieur.jpeg\" alt=\"Chalet Mobile Confort 2 Zimmer\">\r\n\t<\/div>\r\n\r\n\t<div class=\"col-sm-8 multiple-item-desc d-flex flex-column\">\r\n\t\t<div class=\"multiple-item-titre\">Chalet Mobile Confort 2 Zimmer<\/div>\r\n\r\n\t\t<div class=\"multiple-item--description\"><p>Wir lieben : Die optimierten Abmessungen und der attraktive Preis! Alter Unterkunft: 15+ Jahre Fl\u00e4che: ca. 28 m2 Vollst\u00e4ndig \u00fcberdachte Terrasse von ca. 15 m2 mit Gartenm\u00f6beln &#8211; Liegest\u00fchle\/Sonnenliegen Schlafen : 1 Schlafzimmer mit 1 Bett 140&#215;190 1 Zimmer mit 2 Betten von 90&#215;190 Decken oder Steppdecken, Kopfkissen oder Nackenrollen K\u00fcchen-\/Wohn-\/Essbereich : 1 Wohnzimmerbank\/Esstisch 1 [&hellip;]<\/p>\n<\/div>\r\n\t\t\r\n\t\t<div class=\"d-flex flex-row multiple-item-desc-items\">\r\n\t\t\t\t\t\t\t\t\t\t\t<div class=\"multiple-item--nbchambres multiple-item-desc-item\">\r\n\t\t\t\t\t<span class=\"val\">2<\/span>&nbsp;\r\n\t\t\t\t\t<span class=\"lbl\">Zimmer<\/span>\r\n\t\t\t\t<\/div>\r\n\t\t\t\r\n\t\t\t\t\t\t\t\t\t\t\t<div class=\"multiple-item-nbpersonnes multiple-item-desc-item\">\r\n\t\t\t\t\t<span class=\"val\">1\/4<\/span>&nbsp;\r\n\t\t\t\t\t<span class=\"lbl\">Personen<\/span>\r\n\t\t\t\t<\/div>\r\n\t\t\t\r\n\t\t\t\t\t\t<div class=\"multiple-item-surface multiple-item-desc-item\">\r\n\t\t\t\t<span class=\"lbl\">Fl\u00e4che&nbsp;:<\/span>&nbsp;\r\n\t\t\t\t<span class=\"val\">~28&nbsp;m\u00b2<\/span>\r\n\t\t\t<\/div>\r\n\t\t\t\t\t<\/div>\r\n\r\n\t\t<div class=\"content-plus text-right d-flex flex-column justify-content-end align-items-end\">\r\n\t\t\t<btn class=\"plus\">\r\n\t\t\t\tMehr dazu +\t\t\t<\/btn>\r\n\t\t<\/div>\r\n\t<\/div>\r\n\r\n<\/div>\r\n<\/a>\r\n<\/article>\r\n\r\n<hr>\r\n<article class=\"multiple-item clearfix\">\r\n<a href=\"https:\/\/www.edenbretignolles.com\/de\/hebergement\/chalet-mobile-grand-confort-2-zimmer\/\">\r\n<div class=\"row\">\r\n\t\r\n\t<div class=\"col-sm-4 multiple-item-photo\">\r\n\t\t<img decoding=\"async\" src=\"https:\/\/www.edenbretignolles.com\/wp-content\/uploads\/2023\/11\/MH113-15-Personnalise-1024x766.jpg\" alt=\"Chalet Mobile Grand Confort 2 Zimmer\">\r\n\t<\/div>\r\n\r\n\t<div class=\"col-sm-8 multiple-item-desc d-flex flex-column\">\r\n\t\t<div class=\"multiple-item-titre\">Chalet Mobile Grand Confort 2 Zimmer<\/div>\r\n\r\n\t\t<div class=\"multiple-item--description\"><p>Wir lieben : Der ger\u00e4umige Wohnraum! Alter Unterkunft: 15+ Jahre Fl\u00e4che: ca. 31 m2 Vollst\u00e4ndig \u00fcberdachte Terrasse von ca. 15 m2 mit Gartenm\u00f6beln &#8211; Liegest\u00fchle\/Sonnenliegen Schlafen : 1 Schlafzimmer mit 1 Bett 140&#215;190 1 Zimmer mit 2 Betten von 90&#215;190 Decken oder Steppdecken, Kopfkissen oder Nackenrollen K\u00fcchenbereich : 1 Esstisch 1 K\u00fchlschrank mit Gefrierteil 1 [&hellip;]<\/p>\n<\/div>\r\n\t\t\r\n\t\t<div class=\"d-flex flex-row multiple-item-desc-items\">\r\n\t\t\t\t\t\t\t\t\t\t\t<div class=\"multiple-item--nbchambres multiple-item-desc-item\">\r\n\t\t\t\t\t<span class=\"val\">2<\/span>&nbsp;\r\n\t\t\t\t\t<span class=\"lbl\">Zimmer<\/span>\r\n\t\t\t\t<\/div>\r\n\t\t\t\r\n\t\t\t\t\t\t\t\t\t\t\t<div class=\"multiple-item-nbpersonnes multiple-item-desc-item\">\r\n\t\t\t\t\t<span class=\"val\">1\/4<\/span>&nbsp;\r\n\t\t\t\t\t<span class=\"lbl\">Personen<\/span>\r\n\t\t\t\t<\/div>\r\n\t\t\t\r\n\t\t\t\t\t\t<div class=\"multiple-item-surface multiple-item-desc-item\">\r\n\t\t\t\t<span class=\"lbl\">Fl\u00e4che&nbsp;:<\/span>&nbsp;\r\n\t\t\t\t<span class=\"val\">~ 31&nbsp;m\u00b2<\/span>\r\n\t\t\t<\/div>\r\n\t\t\t\t\t<\/div>\r\n\r\n\t\t<div class=\"content-plus text-right d-flex flex-column justify-content-end align-items-end\">\r\n\t\t\t<btn class=\"plus\">\r\n\t\t\t\tMehr dazu +\t\t\t<\/btn>\r\n\t\t<\/div>\r\n\t<\/div>\r\n\r\n<\/div>\r\n<\/a>\r\n<\/article>\r\n\r\n<hr>\r\n<article class=\"multiple-item clearfix\">\r\n<a href=\"https:\/\/www.edenbretignolles.com\/de\/hebergement\/mobiles-chalet-luxe-2-zimmer\/\">\r\n<div class=\"row\">\r\n\t\r\n\t<div class=\"col-sm-4 multiple-item-photo\">\r\n\t\t<img decoding=\"async\" src=\"https:\/\/www.edenbretignolles.com\/wp-content\/uploads\/2022\/01\/ext-chalet-gl-plus.jpg\" alt=\"Mobiles Chalet Luxe 2 Zimmer\">\r\n\t<\/div>\r\n\r\n\t<div class=\"col-sm-8 multiple-item-desc d-flex flex-column\">\r\n\t\t<div class=\"multiple-item-titre\">Mobiles Chalet Luxe 2 Zimmer<\/div>\r\n\r\n\t\t<div class=\"multiple-item--description\"><p>Wir lieben : Der Komfort, die Modernit\u00e4t und die Raumaufteilung! Alter Unterbringung: 0 bis 10 Jahre Fl\u00e4che: ca. 31 m2 Vollst\u00e4ndig \u00fcberdachte Terrasse von ca. 15 m2 mit Gartenm\u00f6beln &#8211; Liegest\u00fchle\/Sonnenliegen Schlafen : 1 Schlafzimmer mit 1 Bett 140&#215;190 1 Zimmer mit 2 Betten von 90&#215;190 Decken oder Steppdecken, Kopfkissen oder Nackenrollen K\u00fcchenbereich : 1 [&hellip;]<\/p>\n<\/div>\r\n\t\t\r\n\t\t<div class=\"d-flex flex-row multiple-item-desc-items\">\r\n\t\t\t\t\t\t\t\t\t\t\t<div class=\"multiple-item--nbchambres multiple-item-desc-item\">\r\n\t\t\t\t\t<span class=\"val\">2<\/span>&nbsp;\r\n\t\t\t\t\t<span class=\"lbl\">Zimmer<\/span>\r\n\t\t\t\t<\/div>\r\n\t\t\t\r\n\t\t\t\t\t\t\t\t\t\t\t<div class=\"multiple-item-nbpersonnes multiple-item-desc-item\">\r\n\t\t\t\t\t<span class=\"val\">1\/4<\/span>&nbsp;\r\n\t\t\t\t\t<span class=\"lbl\">Personen<\/span>\r\n\t\t\t\t<\/div>\r\n\t\t\t\r\n\t\t\t\t\t\t<div class=\"multiple-item-surface multiple-item-desc-item\">\r\n\t\t\t\t<span class=\"lbl\">Fl\u00e4che&nbsp;:<\/span>&nbsp;\r\n\t\t\t\t<span class=\"val\">29\/31&nbsp;m\u00b2<\/span>\r\n\t\t\t<\/div>\r\n\t\t\t\t\t<\/div>\r\n\r\n\t\t<div class=\"content-plus text-right d-flex flex-column justify-content-end align-items-end\">\r\n\t\t\t<btn class=\"plus\">\r\n\t\t\t\tMehr dazu +\t\t\t<\/btn>\r\n\t\t<\/div>\r\n\t<\/div>\r\n\r\n<\/div>\r\n<\/a>\r\n<\/article>\r\n\r\n<hr>\r\n<article class=\"multiple-item clearfix\">\r\n<a href=\"https:\/\/www.edenbretignolles.com\/de\/hebergement\/chalet-mobile-prenium-2-chambres\/\">\r\n<div class=\"row\">\r\n\t\r\n\t<div class=\"col-sm-4 multiple-item-photo\">\r\n\t\t<img decoding=\"async\" src=\"https:\/\/www.edenbretignolles.com\/wp-content\/uploads\/2025\/12\/Chalet-Mobile-Prenium-2-chambres_Exterieur-1024x769.jpeg\" alt=\"Chalet Mobile Premium 2 chambres\">\r\n\t<\/div>\r\n\r\n\t<div class=\"col-sm-8 multiple-item-desc d-flex flex-column\">\r\n\t\t<div class=\"multiple-item-titre\">Chalet Mobile Premium 2 chambres<\/div>\r\n\r\n\t\t<div class=\"multiple-item--description\"><p>On aime : L\u2019espace et les \u00e9quipements modernes Age h\u00e9bergement : 2 \u00e0 6 ans Superficie : 31 m\u00b2 Couchage : 1 chambre avec 1 lit de 140&#215;190 1 chambre avec 2 lits de 90&#215;190 couettes, oreillers et prot\u00e8ges-matelas fournis Espace cuisine : 1 table repas 1 r\u00e9frig\u00e9rateur avec partie cong\u00e9lateur 1 plaque de cuisson [&hellip;]<\/p>\n<\/div>\r\n\t\t\r\n\t\t<div class=\"d-flex flex-row multiple-item-desc-items\">\r\n\t\t\t\t\t\t\t\t\t\t\t<div class=\"multiple-item--nbchambres multiple-item-desc-item\">\r\n\t\t\t\t\t<span class=\"val\">2<\/span>&nbsp;\r\n\t\t\t\t\t<span class=\"lbl\">Zimmer<\/span>\r\n\t\t\t\t<\/div>\r\n\t\t\t\r\n\t\t\t\t\t\t\t\t\t\t\t<div class=\"multiple-item-nbpersonnes multiple-item-desc-item\">\r\n\t\t\t\t\t<span class=\"val\">1\/4<\/span>&nbsp;\r\n\t\t\t\t\t<span class=\"lbl\">Personen<\/span>\r\n\t\t\t\t<\/div>\r\n\t\t\t\r\n\t\t\t\t\t\t<div class=\"multiple-item-surface multiple-item-desc-item\">\r\n\t\t\t\t<span class=\"lbl\">Fl\u00e4che&nbsp;:<\/span>&nbsp;\r\n\t\t\t\t<span class=\"val\">31&nbsp;m\u00b2<\/span>\r\n\t\t\t<\/div>\r\n\t\t\t\t\t<\/div>\r\n\r\n\t\t<div class=\"content-plus text-right d-flex flex-column justify-content-end align-items-end\">\r\n\t\t\t<btn class=\"plus\">\r\n\t\t\t\tMehr dazu +\t\t\t<\/btn>\r\n\t\t<\/div>\r\n\t<\/div>\r\n\r\n<\/div>\r\n<\/a>\r\n<\/article>\r\n\r\n<hr>\r\n<article class=\"multiple-item clearfix\">\r\n<a href=\"https:\/\/www.edenbretignolles.com\/de\/hebergement\/mobiles-chalet-pmr-2-zimmer\/\">\r\n<div class=\"row\">\r\n\t\r\n\t<div class=\"col-sm-4 multiple-item-photo\">\r\n\t\t<img decoding=\"async\" src=\"https:\/\/www.edenbretignolles.com\/wp-content\/uploads\/2022\/05\/image0-1024x768.jpeg\" alt=\"Mobiles Chalet PMR 2 Zimmer\">\r\n\t<\/div>\r\n\r\n\t<div class=\"col-sm-8 multiple-item-desc d-flex flex-column\">\r\n\t\t<div class=\"multiple-item-titre\">Mobiles Chalet PMR 2 Zimmer<\/div>\r\n\r\n\t\t<div class=\"multiple-item--description\"><p>Wir m\u00f6gen : erf\u00fcllt die besonderen Bed\u00fcrfnisse von Menschen mit Behinderungen. Alter Unterkunft: 2 Jahre Fl\u00e4che: ca. 31 m2 Vollst\u00e4ndig \u00fcberdachte Terrasse von ca. 15 m2 mit Gartenm\u00f6beln &#8211; Liegest\u00fchle\/Sonnenliegen Schlafen : 1 angepasstes Zimmer mit 1 Bett 140&#215;190 1 Zimmer mit 2 Betten von 90&#215;190 Decken oder Steppdecken, Kopfkissen oder Nackenrollen Angepasster Koch-\/Wohn-\/Essbereich : [&hellip;]<\/p>\n<\/div>\r\n\t\t\r\n\t\t<div class=\"d-flex flex-row multiple-item-desc-items\">\r\n\t\t\t\t\t\t\t\t\t\t\t<div class=\"multiple-item--nbchambres multiple-item-desc-item\">\r\n\t\t\t\t\t<span class=\"val\">2<\/span>&nbsp;\r\n\t\t\t\t\t<span class=\"lbl\">Zimmer<\/span>\r\n\t\t\t\t<\/div>\r\n\t\t\t\r\n\t\t\t\t\t\t\t\t\t\t\t<div class=\"multiple-item-nbpersonnes multiple-item-desc-item\">\r\n\t\t\t\t\t<span class=\"val\">1\/4<\/span>&nbsp;\r\n\t\t\t\t\t<span class=\"lbl\">Personen<\/span>\r\n\t\t\t\t<\/div>\r\n\t\t\t\r\n\t\t\t\t\t\t<div class=\"multiple-item-surface multiple-item-desc-item\">\r\n\t\t\t\t<span class=\"lbl\">Fl\u00e4che&nbsp;:<\/span>&nbsp;\r\n\t\t\t\t<span class=\"val\">31&nbsp;m\u00b2<\/span>\r\n\t\t\t<\/div>\r\n\t\t\t\t\t<\/div>\r\n\r\n\t\t<div class=\"content-plus text-right d-flex flex-column justify-content-end align-items-end\">\r\n\t\t\t<btn class=\"plus\">\r\n\t\t\t\tMehr dazu +\t\t\t<\/btn>\r\n\t\t<\/div>\r\n\t<\/div>\r\n\r\n<\/div>\r\n<\/a>\r\n<\/article>\r\n\r\n<hr>\r\n<article class=\"multiple-item clearfix\">\r\n<a href=\"https:\/\/www.edenbretignolles.com\/de\/hebergement\/mobilheim-flachdach-2-zimmer\/\">\r\n<div class=\"row\">\r\n\t\r\n\t<div class=\"col-sm-4 multiple-item-photo\">\r\n\t\t<img decoding=\"async\" src=\"\" alt=\"Mobilheim Flachdach 2 Zimmer\">\r\n\t<\/div>\r\n\r\n\t<div class=\"col-sm-8 multiple-item-desc d-flex flex-column\">\r\n\t\t<div class=\"multiple-item-titre\">Mobilheim Flachdach 2 Zimmer<\/div>\r\n\r\n\t\t<div class=\"multiple-item--description\"><p>Wir lieben : Die ger\u00e4umigen Ma\u00dfe des Mobilheims und der Terrasse! Alter Unterkunft: + 18 Jahre Fl\u00e4che: ca. 31 m2 Vollst\u00e4ndig \u00fcberdachte Terrasse von ca. 15 m2 mit Gartenm\u00f6beln &#8211; Liegest\u00fchle\/Sonnenliegen Schlafen : 1 Schlafzimmer mit 1 Bett 120&#215;190 1 Zimmer mit 2 Betten (60&#215;190) Decken oder Steppdecken, Kopfkissen oder Nackenrollen K\u00fcchenbereich : 1 Tisch [&hellip;]<\/p>\n<\/div>\r\n\t\t\r\n\t\t<div class=\"d-flex flex-row multiple-item-desc-items\">\r\n\t\t\t\t\t\t\t\t\t\t\t<div class=\"multiple-item--nbchambres multiple-item-desc-item\">\r\n\t\t\t\t\t<span class=\"val\">2<\/span>&nbsp;\r\n\t\t\t\t\t<span class=\"lbl\">Zimmer<\/span>\r\n\t\t\t\t<\/div>\r\n\t\t\t\r\n\t\t\t\t\t\t\t\t\t\t\t<div class=\"multiple-item-nbpersonnes multiple-item-desc-item\">\r\n\t\t\t\t\t<span class=\"val\">1\/4<\/span>&nbsp;\r\n\t\t\t\t\t<span class=\"lbl\">Personen<\/span>\r\n\t\t\t\t<\/div>\r\n\t\t\t\r\n\t\t\t\t\t\t<div class=\"multiple-item-surface multiple-item-desc-item\">\r\n\t\t\t\t<span class=\"lbl\">Fl\u00e4che&nbsp;:<\/span>&nbsp;\r\n\t\t\t\t<span class=\"val\">~ 31&nbsp;m\u00b2<\/span>\r\n\t\t\t<\/div>\r\n\t\t\t\t\t<\/div>\r\n\r\n\t\t<div class=\"content-plus text-right d-flex flex-column justify-content-end align-items-end\">\r\n\t\t\t<btn class=\"plus\">\r\n\t\t\t\tMehr dazu +\t\t\t<\/btn>\r\n\t\t<\/div>\r\n\t<\/div>\r\n\r\n<\/div>\r\n<\/a>\r\n<\/article>\r\n\r\n<hr><h2 id='sev-3'> locations 3 chambres<\/h2>\r\n<article class=\"multiple-item clearfix\">\r\n<a href=\"https:\/\/www.edenbretignolles.com\/de\/hebergement\/chalet-mobile-prenium-3-chambres\/\">\r\n<div class=\"row\">\r\n\t\r\n\t<div class=\"col-sm-4 multiple-item-photo\">\r\n\t\t<img decoding=\"async\" src=\"https:\/\/www.edenbretignolles.com\/wp-content\/uploads\/2023\/11\/MH407-17-Personnalise-1024x766.jpg\" alt=\"Chalet Mobile Premium 3 chambres\">\r\n\t<\/div>\r\n\r\n\t<div class=\"col-sm-8 multiple-item-desc d-flex flex-column\">\r\n\t\t<div class=\"multiple-item-titre\">Chalet Mobile Premium 3 chambres<\/div>\r\n\r\n\t\t<div class=\"multiple-item--description\"><p>On aime : L\u2019espace, l&#8217;intimit\u00e9 et les \u00e9quipements modernes Age h\u00e9bergement : 1 \u00e0 6 ans Superficie : 35 \u00e0 40 m\u00b2 Couchage : 1 chambre avec 1 lit de 140&#215;190 2 chambres avec 2 lits de 90&#215;190 couettes, oreillers et prot\u00e8ges-matelas fournis Espace cuisine : 1 table repas 1 r\u00e9frig\u00e9rateur avec partie cong\u00e9lateur 1 [&hellip;]<\/p>\n<\/div>\r\n\t\t\r\n\t\t<div class=\"d-flex flex-row multiple-item-desc-items\">\r\n\t\t\t\t\t\t\t\t\t\t\t<div class=\"multiple-item--nbchambres multiple-item-desc-item\">\r\n\t\t\t\t\t<span class=\"val\">3<\/span>&nbsp;\r\n\t\t\t\t\t<span class=\"lbl\">Zimmer<\/span>\r\n\t\t\t\t<\/div>\r\n\t\t\t\r\n\t\t\t\t\t\t\t\t\t\t\t<div class=\"multiple-item-nbpersonnes multiple-item-desc-item\">\r\n\t\t\t\t\t<span class=\"val\">1\/6<\/span>&nbsp;\r\n\t\t\t\t\t<span class=\"lbl\">Personen<\/span>\r\n\t\t\t\t<\/div>\r\n\t\t\t\r\n\t\t\t\t\t\t<div class=\"multiple-item-surface multiple-item-desc-item\">\r\n\t\t\t\t<span class=\"lbl\">Fl\u00e4che&nbsp;:<\/span>&nbsp;\r\n\t\t\t\t<span class=\"val\">~ 35 \u00e0 40&nbsp;m\u00b2<\/span>\r\n\t\t\t<\/div>\r\n\t\t\t\t\t<\/div>\r\n\r\n\t\t<div class=\"content-plus text-right d-flex flex-column justify-content-end align-items-end\">\r\n\t\t\t<btn class=\"plus\">\r\n\t\t\t\tMehr dazu +\t\t\t<\/btn>\r\n\t\t<\/div>\r\n\t<\/div>\r\n\r\n<\/div>\r\n<\/a>\r\n<\/article>\r\n\r\n<hr>\r\n<article class=\"multiple-item clearfix\">\r\n<a href=\"https:\/\/www.edenbretignolles.com\/de\/hebergement\/chalet-mobile-confort-3-chambres\/\">\r\n<div class=\"row\">\r\n\t\r\n\t<div class=\"col-sm-4 multiple-item-photo\">\r\n\t\t<img decoding=\"async\" src=\"https:\/\/www.edenbretignolles.com\/wp-content\/uploads\/2025\/12\/Chalet-Mobile-Confort-3-ch_Exterieur-1024x768.jpg\" alt=\"Chalet Mobile Confort 3 chambres\">\r\n\t<\/div>\r\n\r\n\t<div class=\"col-sm-8 multiple-item-desc d-flex flex-column\">\r\n\t\t<div class=\"multiple-item-titre\">Chalet Mobile Confort 3 chambres<\/div>\r\n\r\n\t\t<div class=\"multiple-item--description\"><p>On aime : L&#8217;accueil jusqu&#8217;\u00e0 6 personnes \u00e0 prix attractif ! Age h\u00e9bergement : + de 15 ans Superficie : environ 33 m2 Terrasse enti\u00e8rement couverte d\u2019environ 15 m2 avec salon de jardin &#8211; Transats Couchage : 1 chambre avec 1 lit de 140&#215;190 2 chambres avec 2 lits de 90&#215;190 couettes, oreillers et prot\u00e8ges-matelas [&hellip;]<\/p>\n<\/div>\r\n\t\t\r\n\t\t<div class=\"d-flex flex-row multiple-item-desc-items\">\r\n\t\t\t\t\t\t\t\t\t\t\t<div class=\"multiple-item--nbchambres multiple-item-desc-item\">\r\n\t\t\t\t\t<span class=\"val\">3<\/span>&nbsp;\r\n\t\t\t\t\t<span class=\"lbl\">Zimmer<\/span>\r\n\t\t\t\t<\/div>\r\n\t\t\t\r\n\t\t\t\t\t\t\t\t\t\t\t<div class=\"multiple-item-nbpersonnes multiple-item-desc-item\">\r\n\t\t\t\t\t<span class=\"val\">1\/6<\/span>&nbsp;\r\n\t\t\t\t\t<span class=\"lbl\">Personen<\/span>\r\n\t\t\t\t<\/div>\r\n\t\t\t\r\n\t\t\t\t\t\t<div class=\"multiple-item-surface multiple-item-desc-item\">\r\n\t\t\t\t<span class=\"lbl\">Fl\u00e4che&nbsp;:<\/span>&nbsp;\r\n\t\t\t\t<span class=\"val\">~ 33&nbsp;m\u00b2<\/span>\r\n\t\t\t<\/div>\r\n\t\t\t\t\t<\/div>\r\n\r\n\t\t<div class=\"content-plus text-right d-flex flex-column justify-content-end align-items-end\">\r\n\t\t\t<btn class=\"plus\">\r\n\t\t\t\tMehr dazu +\t\t\t<\/btn>\r\n\t\t<\/div>\r\n\t<\/div>\r\n\r\n<\/div>\r\n<\/a>\r\n<\/article>\r\n\r\n<hr>\r\n<article class=\"multiple-item clearfix\">\r\n<a href=\"https:\/\/www.edenbretignolles.com\/de\/hebergement\/chalet-mobile-grand-confort-3-zimmer\/\">\r\n<div class=\"row\">\r\n\t\r\n\t<div class=\"col-sm-4 multiple-item-photo\">\r\n\t\t<img decoding=\"async\" src=\"https:\/\/www.edenbretignolles.com\/wp-content\/uploads\/2023\/11\/MH215-14-Personnalise-1024x766.jpg\" alt=\"Chalet Mobile Grand Confort 3 Zimmer\">\r\n\t<\/div>\r\n\r\n\t<div class=\"col-sm-8 multiple-item-desc d-flex flex-column\">\r\n\t\t<div class=\"multiple-item-titre\">Chalet Mobile Grand Confort 3 Zimmer<\/div>\r\n\r\n\t\t<div class=\"multiple-item--description\"><p>Wir lieben : Die Terrasse, die einen zus\u00e4tzlichen Wohnraum bietet. Alter Unterkunft: von 1 bis 15 Jahren Fl\u00e4che: ca. 31 m2 Vollst\u00e4ndig \u00fcberdachte Terrasse von ca. 15 m2 mit Gartenm\u00f6beln &#8211; Liegest\u00fchle\/Sonnenliegen Schlafen : 1 Schlafzimmer mit 1 Bett 140&#215;190 2 Zimmer mit 2 Betten von 90&#215;190 Decken oder Steppdecken, Kopfkissen oder Nackenrollen K\u00fcchenbereich : [&hellip;]<\/p>\n<\/div>\r\n\t\t\r\n\t\t<div class=\"d-flex flex-row multiple-item-desc-items\">\r\n\t\t\t\t\t\t\t\t\t\t\t<div class=\"multiple-item--nbchambres multiple-item-desc-item\">\r\n\t\t\t\t\t<span class=\"val\">3<\/span>&nbsp;\r\n\t\t\t\t\t<span class=\"lbl\">Zimmer<\/span>\r\n\t\t\t\t<\/div>\r\n\t\t\t\r\n\t\t\t\t\t\t\t\t\t\t\t<div class=\"multiple-item-nbpersonnes multiple-item-desc-item\">\r\n\t\t\t\t\t<span class=\"val\">1\/6<\/span>&nbsp;\r\n\t\t\t\t\t<span class=\"lbl\">Personen<\/span>\r\n\t\t\t\t<\/div>\r\n\t\t\t\r\n\t\t\t\t\t\t<div class=\"multiple-item-surface multiple-item-desc-item\">\r\n\t\t\t\t<span class=\"lbl\">Fl\u00e4che&nbsp;:<\/span>&nbsp;\r\n\t\t\t\t<span class=\"val\">~ 33&nbsp;m\u00b2<\/span>\r\n\t\t\t<\/div>\r\n\t\t\t\t\t<\/div>\r\n\r\n\t\t<div class=\"content-plus text-right d-flex flex-column justify-content-end align-items-end\">\r\n\t\t\t<btn class=\"plus\">\r\n\t\t\t\tMehr dazu +\t\t\t<\/btn>\r\n\t\t<\/div>\r\n\t<\/div>\r\n\r\n<\/div>\r\n<\/a>\r\n<\/article>\r\n\r\n<hr>\r\n<article class=\"multiple-item clearfix\">\r\n<a href=\"https:\/\/www.edenbretignolles.com\/de\/hebergement\/mobiles-chalet-luxe-3-schlafzimmer\/\">\r\n<div class=\"row\">\r\n\t\r\n\t<div class=\"col-sm-4 multiple-item-photo\">\r\n\t\t<img decoding=\"async\" src=\"https:\/\/www.edenbretignolles.com\/wp-content\/uploads\/2025\/12\/Chalet-Mobile-Luxe-3-chambres_Exterieur-1024x768.jpeg\" alt=\"Mobiles Chalet Luxe 3 Schlafzimmer\">\r\n\t<\/div>\r\n\r\n\t<div class=\"col-sm-8 multiple-item-desc d-flex flex-column\">\r\n\t\t<div class=\"multiple-item-titre\">Mobiles Chalet Luxe 3 Schlafzimmer<\/div>\r\n\r\n\t\t<div class=\"multiple-item--description\"><p>Wir lieben : Die Rolll\u00e4den und die 2 Badezimmer! Alter Unterkunft: von 2 bis 9 Jahren Fl\u00e4che: ca. 31 m2 Vollst\u00e4ndig \u00fcberdachte Terrasse von ca. 15 m2 mit Gartenm\u00f6beln &#8211; Liegest\u00fchle\/Sonnenliegen Schlafen : 1 Schlafzimmer mit 1 Bett 140&#215;190 2 Zimmer mit 2 Betten von 90&#215;190 Decken oder Steppdecken, Kopfkissen oder Nackenrollen K\u00fcchenbereich : 1 [&hellip;]<\/p>\n<\/div>\r\n\t\t\r\n\t\t<div class=\"d-flex flex-row multiple-item-desc-items\">\r\n\t\t\t\t\t\t\t\t\t\t\t<div class=\"multiple-item--nbchambres multiple-item-desc-item\">\r\n\t\t\t\t\t<span class=\"val\">3<\/span>&nbsp;\r\n\t\t\t\t\t<span class=\"lbl\">Zimmer<\/span>\r\n\t\t\t\t<\/div>\r\n\t\t\t\r\n\t\t\t\t\t\t\t\t\t\t\t<div class=\"multiple-item-nbpersonnes multiple-item-desc-item\">\r\n\t\t\t\t\t<span class=\"val\">1\/6<\/span>&nbsp;\r\n\t\t\t\t\t<span class=\"lbl\">Personen<\/span>\r\n\t\t\t\t<\/div>\r\n\t\t\t\r\n\t\t\t\t\t\t<div class=\"multiple-item-surface multiple-item-desc-item\">\r\n\t\t\t\t<span class=\"lbl\">Fl\u00e4che&nbsp;:<\/span>&nbsp;\r\n\t\t\t\t<span class=\"val\">~ 40&nbsp;m\u00b2<\/span>\r\n\t\t\t<\/div>\r\n\t\t\t\t\t<\/div>\r\n\r\n\t\t<div class=\"content-plus text-right d-flex flex-column justify-content-end align-items-end\">\r\n\t\t\t<btn class=\"plus\">\r\n\t\t\t\tMehr dazu +\t\t\t<\/btn>\r\n\t\t<\/div>\r\n\t<\/div>\r\n\r\n<\/div>\r\n<\/a>\r\n<\/article>\r\n\r\n<hr><h2 id='sev-4'> locations 4 chambres<\/h2>\r\n<article class=\"multiple-item clearfix\">\r\n<a href=\"https:\/\/www.edenbretignolles.com\/de\/hebergement\/chalet-mobile-confort-4-chambres\/\">\r\n<div class=\"row\">\r\n\t\r\n\t<div class=\"col-sm-4 multiple-item-photo\">\r\n\t\t<img decoding=\"async\" src=\"https:\/\/www.edenbretignolles.com\/wp-content\/uploads\/2025\/12\/Chalet-Mobile-Confort-4-chambres_Exterieur-1024x768.jpg\" alt=\"Chalet Mobile Confort 4 chambres\">\r\n\t<\/div>\r\n\r\n\t<div class=\"col-sm-8 multiple-item-desc d-flex flex-column\">\r\n\t\t<div class=\"multiple-item-titre\">Chalet Mobile Confort 4 chambres<\/div>\r\n\r\n\t\t<div class=\"multiple-item--description\"><p>On aime : L&#8217;espace id\u00e9al pour les grandes tribus ! Age h\u00e9bergement : 4 ans Superficie : 40 m2 Terrasse enti\u00e8rement couverte d\u2019environ 15 m2 avec salon de jardin &#8211; Transats Couchage : 1 chambre avec 1 lit de 140&#215;190 3 chambres avec 2 lits de 90&#215;190 couettes, oreillers et prot\u00e8ges-matelas fournis Espace cuisine : [&hellip;]<\/p>\n<\/div>\r\n\t\t\r\n\t\t<div class=\"d-flex flex-row multiple-item-desc-items\">\r\n\t\t\t\t\t\t\t\t\t\t\t<div class=\"multiple-item--nbchambres multiple-item-desc-item\">\r\n\t\t\t\t\t<span class=\"val\">4<\/span>&nbsp;\r\n\t\t\t\t\t<span class=\"lbl\">Zimmer<\/span>\r\n\t\t\t\t<\/div>\r\n\t\t\t\r\n\t\t\t\t\t\t\t\t\t\t\t<div class=\"multiple-item-nbpersonnes multiple-item-desc-item\">\r\n\t\t\t\t\t<span class=\"val\">1\/8<\/span>&nbsp;\r\n\t\t\t\t\t<span class=\"lbl\">Personen<\/span>\r\n\t\t\t\t<\/div>\r\n\t\t\t\r\n\t\t\t\t\t\t<div class=\"multiple-item-surface multiple-item-desc-item\">\r\n\t\t\t\t<span class=\"lbl\">Fl\u00e4che&nbsp;:<\/span>&nbsp;\r\n\t\t\t\t<span class=\"val\">~ 40&nbsp;m\u00b2<\/span>\r\n\t\t\t<\/div>\r\n\t\t\t\t\t<\/div>\r\n\r\n\t\t<div class=\"content-plus text-right d-flex flex-column justify-content-end align-items-end\">\r\n\t\t\t<btn class=\"plus\">\r\n\t\t\t\tMehr dazu +\t\t\t<\/btn>\r\n\t\t<\/div>\r\n\t<\/div>\r\n\r\n<\/div>\r\n<\/a>\r\n<\/article>\r\n\r\n<hr>\n","protected":false},"excerpt":{"rendered":"<p>Der Campingplatz EDEN in Br\u00e9tignolles sur Mer in der Vend\u00e9e bietet Ihnen Mietunterk\u00fcnfte mit allem Komfort!<\/p>\n","protected":false},"author":1,"featured_media":0,"parent":0,"menu_order":0,"comment_status":"open","ping_status":"closed","template":"","meta":{"_seopress_robots_primary_cat":"","_seopress_titles_title":"Vermietung eines Chalet Luxe - Camping de l'Eden a Bretignolles 85","_seopress_titles_desc":"Mieten Sie f\u00fcr Ihre Familie oder Freunde eine Unterkunft in einem Chalet oder Mobilheim, um Ihren Urlaub so naturnah wie m\u00f6glich zu verbringen. Unsere Ferienh\u00e4user bieten den Komfort, der f\u00fcr einen gelungenen Urlaub unerl\u00e4sslich ist.","_seopress_robots_index":"","footnotes":""},"class_list":["post-11387","page","type-page","status-publish","hentry"],"_links":{"self":[{"href":"https:\/\/www.edenbretignolles.com\/de\/wp-json\/wp\/v2\/pages\/11387","targetHints":{"allow":["GET"]}}],"collection":[{"href":"https:\/\/www.edenbretignolles.com\/de\/wp-json\/wp\/v2\/pages"}],"about":[{"href":"https:\/\/www.edenbretignolles.com\/de\/wp-json\/wp\/v2\/types\/page"}],"author":[{"embeddable":true,"href":"https:\/\/www.edenbretignolles.com\/de\/wp-json\/wp\/v2\/users\/1"}],"replies":[{"embeddable":true,"href":"https:\/\/www.edenbretignolles.com\/de\/wp-json\/wp\/v2\/comments?post=11387"}],"version-history":[{"count":1,"href":"https:\/\/www.edenbretignolles.com\/de\/wp-json\/wp\/v2\/pages\/11387\/revisions"}],"predecessor-version":[{"id":11389,"href":"https:\/\/www.edenbretignolles.com\/de\/wp-json\/wp\/v2\/pages\/11387\/revisions\/11389"}],"wp:attachment":[{"href":"https:\/\/www.edenbretignolles.com\/de\/wp-json\/wp\/v2\/media?parent=11387"}],"curies":[{"name":"wp","href":"https:\/\/api.w.org\/{rel}","templated":true}]}}